{"id":293,"date":"2024-09-27T19:47:19","date_gmt":"2024-09-27T17:47:19","guid":{"rendered":"https:\/\/lapetitemaisondefroidville.be\/die-region\/"},"modified":"2026-01-20T19:38:49","modified_gmt":"2026-01-20T18:38:49","slug":"die-region","status":"publish","type":"page","link":"https:\/\/lapetitemaisondefroidville.be\/de\/die-region\/","title":{"rendered":"Die Region"},"content":{"rendered":"\t\t<div data-elementor-type=\"wp-page\" data-elementor-id=\"293\" class=\"elementor elementor-293 elementor-46\" data-elementor-post-type=\"page\">\n\t\t\t\t<div class=\"elementor-element elementor-element-166832b e-con-full e-flex e-con e-parent\" data-id=\"166832b\" data-element_type=\"container\" data-settings=\"{&quot;background_background&quot;:&quot;classic&quot;}\">\n\t\t<div class=\"elementor-element elementor-element-78e91bf e-con-full e-flex e-con e-child\" data-id=\"78e91bf\" data-element_type=\"container\">\n\t\t\t\t<div class=\"elementor-element elementor-element-c805e92 elementor-view-default elementor-widget elementor-widget-icon\" data-id=\"c805e92\" data-element_type=\"widget\" data-widget_type=\"icon.default\">\n\t\t\t\t<div class=\"elementor-widget-container\">\n\t\t\t\t\t\t\t<div class=\"elementor-icon-wrapper\">\n\t\t\t<div class=\"elementor-icon\">\n\t\t\t<svg aria-hidden=\"true\" class=\"e-font-icon-svg e-fas-map-marked-alt\" viewBox=\"0 0 576 512\" xmlns=\"http:\/\/www.w3.org\/2000\/svg\"><path d=\"M288 0c-69.59 0-126 56.41-126 126 0 56.26 82.35 158.8 113.9 196.02 6.39 7.54 17.82 7.54 24.2 0C331.65 284.8 414 182.26 414 126 414 56.41 357.59 0 288 0zm0 168c-23.2 0-42-18.8-42-42s18.8-42 42-42 42 18.8 42 42-18.8 42-42 42zM20.12 215.95A32.006 32.006 0 0 0 0 245.66v250.32c0 11.32 11.43 19.06 21.94 14.86L160 448V214.92c-8.84-15.98-16.07-31.54-21.25-46.42L20.12 215.95zM288 359.67c-14.07 0-27.38-6.18-36.51-16.96-19.66-23.2-40.57-49.62-59.49-76.72v182l192 64V266c-18.92 27.09-39.82 53.52-59.49 76.72-9.13 10.77-22.44 16.95-36.51 16.95zm266.06-198.51L416 224v288l139.88-55.95A31.996 31.996 0 0 0 576 426.34V176.02c0-11.32-11.43-19.06-21.94-14.86z\"><\/path><\/svg>\t\t\t<\/div>\n\t\t<\/div>\n\t\t\t\t\t\t<\/div>\n\t\t\t\t<\/div>\n\t\t\t\t<div class=\"elementor-element elementor-element-4949156 elementor-widget elementor-widget-heading\" data-id=\"4949156\" data-element_type=\"widget\" data-widget_type=\"heading.default\">\n\t\t\t\t<div class=\"elementor-widget-container\">\n\t\t\t\t\t<p class=\"elementor-heading-title elementor-size-default\">Die Region<\/p>\t\t\t\t<\/div>\n\t\t\t\t<\/div>\n\t\t\t\t<div class=\"elementor-element elementor-element-bde470d elementor-widget-mobile__width-initial elementor-widget__width-initial elementor-widget-tablet__width-initial elementor-widget elementor-widget-heading\" data-id=\"bde470d\" data-element_type=\"widget\" data-widget_type=\"heading.default\">\n\t\t\t\t<div class=\"elementor-widget-container\">\n\t\t\t\t\t<h1 class=\"elementor-heading-title elementor-size-default\">Ihr Aufenthalt in Froidville<\/h1>\t\t\t\t<\/div>\n\t\t\t\t<\/div>\n\t\t\t\t<div class=\"elementor-element elementor-element-44340a4 elementor-widget-divider--view-line elementor-widget elementor-widget-divider\" data-id=\"44340a4\" data-element_type=\"widget\" data-widget_type=\"divider.default\">\n\t\t\t\t<div class=\"elementor-widget-container\">\n\t\t\t\t\t\t\t<div class=\"elementor-divider\">\n\t\t\t<span class=\"elementor-divider-separator\">\n\t\t\t\t\t\t<\/span>\n\t\t<\/div>\n\t\t\t\t\t\t<\/div>\n\t\t\t\t<\/div>\n\t\t\t\t<div class=\"elementor-element elementor-element-0c940fd elementor-widget-tablet__width-initial elementor-widget__width-initial elementor-widget elementor-widget-text-editor\" data-id=\"0c940fd\" data-element_type=\"widget\" data-widget_type=\"text-editor.default\">\n\t\t\t\t<div class=\"elementor-widget-container\">\n\t\t\t\t\t\t\t\t\t<p>Der ideale Ort, um die Region zu zweit zu entdecken<\/p>\t\t\t\t\t\t\t\t<\/div>\n\t\t\t\t<\/div>\n\t\t\t\t<div class=\"elementor-element elementor-element-a5194f3 elementor-view-default elementor-widget elementor-widget-icon\" data-id=\"a5194f3\" data-element_type=\"widget\" data-widget_type=\"icon.default\">\n\t\t\t\t<div class=\"elementor-widget-container\">\n\t\t\t\t\t\t\t<div class=\"elementor-icon-wrapper\">\n\t\t\t<a class=\"elementor-icon elementor-animation-grow\" href=\"#en-quelques-mots\">\n\t\t\t<svg aria-hidden=\"true\" class=\"e-font-icon-svg e-fas-angle-down\" viewBox=\"0 0 320 512\" xmlns=\"http:\/\/www.w3.org\/2000\/svg\"><path d=\"M143 352.3L7 216.3c-9.4-9.4-9.4-24.6 0-33.9l22.6-22.6c9.4-9.4 24.6-9.4 33.9 0l96.4 96.4 96.4-96.4c9.4-9.4 24.6-9.4 33.9 0l22.6 22.6c9.4 9.4 9.4 24.6 0 33.9l-136 136c-9.2 9.4-24.4 9.4-33.8 0z\"><\/path><\/svg>\t\t\t<\/a>\n\t\t<\/div>\n\t\t\t\t\t\t<\/div>\n\t\t\t\t<\/div>\n\t\t\t\t<\/div>\n\t\t\t\t<\/div>\n\t\t<div class=\"elementor-element elementor-element-ef86b59 e-flex e-con-boxed e-con e-parent\" data-id=\"ef86b59\" data-element_type=\"container\">\n\t\t\t\t\t<div class=\"e-con-inner\">\n\t\t<div class=\"elementor-element elementor-element-52902f8 e-con-full e-flex e-con e-child\" data-id=\"52902f8\" data-element_type=\"container\">\n\t\t\t\t<div class=\"elementor-element elementor-element-7309b31 elementor-widget__width-initial elementor-widget elementor-widget-heading\" data-id=\"7309b31\" data-element_type=\"widget\" data-widget_type=\"heading.default\">\n\t\t\t\t<div class=\"elementor-widget-container\">\n\t\t\t\t\t<h2 class=\"elementor-heading-title elementor-size-default\">Die ardennische Gemeinde Stoumont bietet herrliche Panoramen dank der T\u00e4ler, die von ihren Fl\u00fcssen durchzogen werden.<\/h2>\t\t\t\t<\/div>\n\t\t\t\t<\/div>\n\t\t\t\t<div class=\"elementor-element elementor-element-e87d7c1 elementor-widget-divider--view-line elementor-widget elementor-widget-divider\" data-id=\"e87d7c1\" data-element_type=\"widget\" data-widget_type=\"divider.default\">\n\t\t\t\t<div class=\"elementor-widget-container\">\n\t\t\t\t\t\t\t<div class=\"elementor-divider\">\n\t\t\t<span class=\"elementor-divider-separator\">\n\t\t\t\t\t\t<\/span>\n\t\t<\/div>\n\t\t\t\t\t\t<\/div>\n\t\t\t\t<\/div>\n\t\t\t\t<div class=\"elementor-element elementor-element-f99e056 elementor-widget__width-initial elementor-widget elementor-widget-text-editor\" data-id=\"f99e056\" data-element_type=\"widget\" data-widget_type=\"text-editor.default\">\n\t\t\t\t<div class=\"elementor-widget-container\">\n\t\t\t\t\t\t\t\t\t<p>In Stoumont und Umgebung k\u00f6nnen Sie in nat\u00fcrlichen Landschaften spazieren gehen und wandern, Schl\u00f6sser besuchen, lokale Produkte probieren, sportliche und abenteuerliche Aktivit\u00e4ten aus\u00fcben und die verschiedenen touristischen Attraktionen genie\u00dfen. Hier sind einige Ideen.<\/p>\t\t\t\t\t\t\t\t<\/div>\n\t\t\t\t<\/div>\n\t\t\t\t<\/div>\n\t\t\t\t\t<\/div>\n\t\t\t\t<\/div>\n\t\t<div class=\"elementor-element elementor-element-1937148 e-flex e-con-boxed e-con e-parent\" data-id=\"1937148\" data-element_type=\"container\">\n\t\t\t\t\t<div class=\"e-con-inner\">\n\t\t\t\t<div class=\"elementor-element elementor-element-b51e0c3 elementor-widget elementor-widget-button\" data-id=\"b51e0c3\" data-element_type=\"widget\" data-widget_type=\"button.default\">\n\t\t\t\t<div class=\"elementor-widget-container\">\n\t\t\t\t\t\t\t\t\t<div class=\"elementor-button-wrapper\">\n\t\t\t\t\t<a class=\"elementor-button elementor-button-link elementor-size-sm\" href=\"https:\/\/lapetitemaisondefroidville.be\/de\/kontakt\/\">\n\t\t\t\t\t\t<span class=\"elementor-button-content-wrapper\">\n\t\t\t\t\t\t\t\t\t<span class=\"elementor-button-text\">Reservierungen<\/span>\n\t\t\t\t\t<\/span>\n\t\t\t\t\t<\/a>\n\t\t\t\t<\/div>\n\t\t\t\t\t\t\t\t<\/div>\n\t\t\t\t<\/div>\n\t\t\t\t\t<\/div>\n\t\t\t\t<\/div>\n\t\t<div class=\"elementor-element elementor-element-7921572 e-flex e-con-boxed e-con e-parent\" data-id=\"7921572\" data-element_type=\"container\">\n\t\t\t\t\t<div class=\"e-con-inner\">\n\t\t<div class=\"elementor-element elementor-element-39e06ee e-con-full e-flex e-con e-child\" data-id=\"39e06ee\" data-element_type=\"container\">\n\t\t\t\t<div class=\"elementor-element elementor-element-092795e elementor-widget__width-initial elementor-widget elementor-widget-heading\" data-id=\"092795e\" data-element_type=\"widget\" data-widget_type=\"heading.default\">\n\t\t\t\t<div class=\"elementor-widget-container\">\n\t\t\t\t\t<h2 class=\"elementor-heading-title elementor-size-default\">Spazierg\u00e4nge, Wanderungen und Naturschaupl\u00e4tze<\/h2>\t\t\t\t<\/div>\n\t\t\t\t<\/div>\n\t\t\t\t<div class=\"elementor-element elementor-element-791b44e elementor-widget-divider--view-line elementor-widget elementor-widget-divider\" data-id=\"791b44e\" data-element_type=\"widget\" data-widget_type=\"divider.default\">\n\t\t\t\t<div class=\"elementor-widget-container\">\n\t\t\t\t\t\t\t<div class=\"elementor-divider\">\n\t\t\t<span class=\"elementor-divider-separator\">\n\t\t\t\t\t\t<\/span>\n\t\t<\/div>\n\t\t\t\t\t\t<\/div>\n\t\t\t\t<\/div>\n\t\t\t\t<div class=\"elementor-element elementor-element-85ce7af elementor-widget__width-initial elementor-widget elementor-widget-text-editor\" data-id=\"85ce7af\" data-element_type=\"widget\" data-widget_type=\"text-editor.default\">\n\t\t\t\t<div class=\"elementor-widget-container\">\n\t\t\t\t\t\t\t\t\t<p><a href=\"http:\/\/www.parcnatureldessources.be\/de\" target=\"_blank\" rel=\"noopener\">Der Naturpark Parc Naturel des Sources<\/a>, der sich von <strong>Spa bis Stoumont<\/strong> erstreckt, hat das Ziel, ein einzigartiges Umwelt- und Kulturerbe zu sch\u00fctzen und zu f\u00f6rdern. Dieser Naturpark ist ein historischer Ort mit atemberaubenden Landschaften und einer <strong>au\u00dfergew\u00f6hnliche Flora und Fauna<\/strong>. Verschiedene Wanderungen und Events werden dort organisiert.   <\/p><p>Ein bemerkenswerter Ort ist das <strong>Naturschutzgebiet der <a href=\"http:\/\/tourismestavelot.be\/fr\/vallee-de-l-ambleve\" target=\"_blank\" rel=\"noopener\">Amel-Tal<\/a><\/strong>, ideal, um die typische Natur der Region zu entdecken. Tauchen Sie ein in eine idyllische Umgebung. Von entspannenden Spazierg\u00e4ngen bis zu sportlichen Wanderungen ist in der Umgebung alles m\u00f6glich.  <\/p><p>Verschiedene Wanderkarten sind beim <a href=\"http:\/\/stoumont.be\/\" target=\"_blank\" rel=\"noopener\">Tourismusb\u00fcro Stoumont<\/a> erh\u00e4ltlich.<\/p><p>Die <a href=\"https:\/\/ovatourisme.be\/se-balader\/promenades-et-randonnees\/\" target=\"_blank\" rel=\"noopener\">Website der Maison du Tourisme Ourthe-Vesdre-Ambl\u00e8ve<\/a> bietet ebenfalls verschiedene <a href=\"https:\/\/ovatourisme.be\/se-balader\/balades-thematiques\/\" target=\"_blank\" rel=\"noopener\">Wanderrouten<\/a> f\u00fcr alle Niveaus. Zudem finden Sie dort thematische Spazierg\u00e4nge: <strong>Erz\u00e4hlwanderungen, historische Touren, Nachtwanderungen usw<\/strong>. <\/p><p>Es gibt auch unterhaltsame <strong>Schatzsuchen<\/strong>, bei denen Sie R\u00e4tsel l\u00f6sen und dabei mehr \u00fcber die Region von Stoumont und die umliegenden Ortschaften erfahren k\u00f6nnen. <a href=\"https:\/\/ovatourisme.be\/chasses-au-tresor\/\" target=\"_blank\" rel=\"noopener\">Laden Sie die Brosch\u00fcren herunter, um dei Routen zu verfolgen<\/a>. <\/p><p>Jedes Jahr besuchen viele Wanderer den <a href=\"http:\/\/tourismestavelot.be\/fr\/cascade-de-coo\" target=\"_blank\" rel=\"noopener\">Wasserfall von Coo<\/a>. Hier k\u00f6nnen Sie die <strong>Amel im Kajak<\/strong> hinabfahren oder um den See spazieren, um die Landschaft zu genie\u00dfen. In Coo finden Sie auch den <strong><a href=\"https:\/\/www.wildparkcoo.com\/\" target=\"_blank\" rel=\"noopener\">Wild Park Coo<\/a><\/strong>, den <strong>Freizeitpark <a href=\"https:\/\/www.plopsacoo.be\/fr\" target=\"_blank\" rel=\"noopener\">Plopsa Coo<\/a><\/strong> sowie <strong><a href=\"https:\/\/www.coo-adventure.com\/?gad_source=1&amp;gbraid=0AAAAAD5WynKBREy6CG5YaiUChgKEv13f_&amp;gclid=EAIaIQobChMImKqGnfaIiAMV4bVoCR3LVQY-EAAYASAAEgLfUvD_BwE\" target=\"_blank\" rel=\"noopener\">Coo Adventure<\/a><\/strong>.  <\/p><p>Wanderungen finden Sie auch auf <a href=\"https:\/\/fr.wikiloc.com\/itineraires\/outdoor\/belgique\/region-wallonne\/stoumont\" target=\"_blank\" rel=\"noopener\">Wikiloc<\/a>.<\/p>\t\t\t\t\t\t\t\t<\/div>\n\t\t\t\t<\/div>\n\t\t\t\t<\/div>\n\t\t\t\t\t<\/div>\n\t\t\t\t<\/div>\n\t\t<div class=\"elementor-element elementor-element-3c58517 e-flex e-con-boxed e-con e-parent\" data-id=\"3c58517\" data-element_type=\"container\">\n\t\t\t\t\t<div class=\"e-con-inner\">\n\t\t<div class=\"elementor-element elementor-element-5baca85 e-con-full e-flex e-con e-child\" data-id=\"5baca85\" data-element_type=\"container\">\n\t\t\t\t<div class=\"elementor-element elementor-element-df520a0 elementor-widget-divider--view-line_icon elementor-view-default elementor-widget-divider--element-align-center elementor-widget elementor-widget-divider\" data-id=\"df520a0\" data-element_type=\"widget\" data-widget_type=\"divider.default\">\n\t\t\t\t<div class=\"elementor-widget-container\">\n\t\t\t\t\t\t\t<div class=\"elementor-divider\">\n\t\t\t<span class=\"elementor-divider-separator\">\n\t\t\t\t\t\t\t<div class=\"elementor-icon elementor-divider__element\">\n\t\t\t\t\t<svg aria-hidden=\"true\" class=\"e-font-icon-svg e-fas-map-signs\" viewBox=\"0 0 512 512\" xmlns=\"http:\/\/www.w3.org\/2000\/svg\"><path d=\"M507.31 84.69L464 41.37c-6-6-14.14-9.37-22.63-9.37H288V16c0-8.84-7.16-16-16-16h-32c-8.84 0-16 7.16-16 16v16H56c-13.25 0-24 10.75-24 24v80c0 13.25 10.75 24 24 24h385.37c8.49 0 16.62-3.37 22.63-9.37l43.31-43.31c6.25-6.26 6.25-16.38 0-22.63zM224 496c0 8.84 7.16 16 16 16h32c8.84 0 16-7.16 16-16V384h-64v112zm232-272H288v-32h-64v32H70.63c-8.49 0-16.62 3.37-22.63 9.37L4.69 276.69c-6.25 6.25-6.25 16.38 0 22.63L48 342.63c6 6 14.14 9.37 22.63 9.37H456c13.25 0 24-10.75 24-24v-80c0-13.25-10.75-24-24-24z\"><\/path><\/svg><\/div>\n\t\t\t\t\t\t<\/span>\n\t\t<\/div>\n\t\t\t\t\t\t<\/div>\n\t\t\t\t<\/div>\n\t\t\t\t<\/div>\n\t\t\t\t\t<\/div>\n\t\t\t\t<\/div>\n\t\t<div class=\"elementor-element elementor-element-24185a7 e-flex e-con-boxed e-con e-parent\" data-id=\"24185a7\" data-element_type=\"container\">\n\t\t\t\t\t<div class=\"e-con-inner\">\n\t\t<div class=\"elementor-element elementor-element-db6c7dc e-con-full e-flex e-con e-child\" data-id=\"db6c7dc\" data-element_type=\"container\">\n\t\t\t\t<div class=\"elementor-element elementor-element-fd0fc1b elementor-widget__width-initial elementor-widget elementor-widget-heading\" data-id=\"fd0fc1b\" data-element_type=\"widget\" data-widget_type=\"heading.default\">\n\t\t\t\t<div class=\"elementor-widget-container\">\n\t\t\t\t\t<h2 class=\"elementor-heading-title elementor-size-default\">Sportliche Aktivit\u00e4ten<\/h2>\t\t\t\t<\/div>\n\t\t\t\t<\/div>\n\t\t\t\t<div class=\"elementor-element elementor-element-f9089d4 elementor-widget-divider--view-line elementor-widget elementor-widget-divider\" data-id=\"f9089d4\" data-element_type=\"widget\" data-widget_type=\"divider.default\">\n\t\t\t\t<div class=\"elementor-widget-container\">\n\t\t\t\t\t\t\t<div class=\"elementor-divider\">\n\t\t\t<span class=\"elementor-divider-separator\">\n\t\t\t\t\t\t<\/span>\n\t\t<\/div>\n\t\t\t\t\t\t<\/div>\n\t\t\t\t<\/div>\n\t\t\t\t<div class=\"elementor-element elementor-element-da80346 elementor-widget__width-initial elementor-widget elementor-widget-text-editor\" data-id=\"da80346\" data-element_type=\"widget\" data-widget_type=\"text-editor.default\">\n\t\t\t\t<div class=\"elementor-widget-container\">\n\t\t\t\t\t\t\t\t\t<p><strong>Fahrrad\/MTB<\/strong>: Es gibt sch\u00f6ne <a href=\"https:\/\/ovatourisme.be\/se-balader\/se-balader-a-velo\/\" target=\"_blank\" rel=\"noopener\">Rad- und Mountainbike-Strecken<\/a>. Ein <a href=\"https:\/\/ovatourisme.be\/ravel-et-sentiers-similaires\/\" target=\"_blank\" rel=\"noopener\">Knotenpunktsystem<\/a> erlaubt es Ihnen, Ihre Route individuell zu gestalten. Die RAVeL 5-Route von L\u00fcttich nach Durbuy f\u00fchrt durch Stoumont.  <\/p><p><strong>Reiten und Eselreiten<\/strong>: Der Verein <a href=\"https:\/\/www.fagotin.be\/index.php\/balades-ane\/\" target=\"_blank\" rel=\"noopener\">Le Fagotin asbl<\/a> organisiert <strong>Ausritte auf Ponys und Eseln<\/strong>. Reittouren werden von <a href=\"https:\/\/www.facebook.com\/EquilibresAsbl\/about\" target=\"_blank\" rel=\"noopener\">Equilibres ASBL<\/a> angeboten. <\/p><p><strong>Kajak<\/strong>: Die Amel kann im Einzel- oder Doppelkajak befahren werden, beginnend am <strong>Wasserfall von Coo<\/strong>. <a href=\"http:\/\/www.coo-kayak.be\/fr\/index_kayak.php\" target=\"_blank\" rel=\"noopener\">Coo-Kayak<\/a> stellt die gesamte ben\u00f6tigte Ausr\u00fcstung zur Verf\u00fcgung.<\/p><p><strong>Abenteuer<\/strong>: <a href=\"https:\/\/www.coo-adventure.com\/\" target=\"_blank\" rel=\"noopener\">Coo Adventure<\/a> bietet Aktivit\u00e4ten wie H\u00f6hlenkunde, Reiten, Abseilen, Klettern, Hochseilgarten, Kajak, Nachtwanderungen, Mountainbiking, Paintball, Fallschirmspringen, Rafting, Wintersport und Kartfahren.<\/p><p><strong>Trailrunning (Extratrail)<\/strong>: <a href=\"https:\/\/www.extratrail.com\/fr\/trails-a-stoumont\" target=\"_blank\" rel=\"noopener\">Verschiedene markierte, kostenlose Trails<\/a> von <strong>7 bis 30 Kilometern<\/strong> stehen zur Verf\u00fcgung.<\/p><p><strong>Gleitschirmfliegen<\/strong>: Der <a href=\"http:\/\/tourismestavelot.be\/fr\/sensation-ailes-parapente-club-coo\" target=\"_blank\" rel=\"noopener\">Club Sensation\u2019ailes Parapente Coo<\/a> bietet Fl\u00fcge \u00fcber <strong>Coo<\/strong> und das <strong>Amel-Tal<\/strong> an.<\/p><p><strong>Angeln<\/strong>: Die <a href=\"https:\/\/www.facebook.com\/pecheriedurougethier\" target=\"_blank\" rel=\"noopener\">P\u00eacherie du Rouge Thier<\/a> bietet von M\u00e4rz bis September Forellenangeln an. Die <a href=\"https:\/\/ovatourisme.be\/decouvrir\/sports-nature\/ALD-0W-00PI-0001&amp;type=11\/\" target=\"_blank\" rel=\"noopener\">P\u00eacherie du Tultay<\/a> bietet zus\u00e4tzlich die M\u00f6glichkeit, einen Grill zu nutzen. <\/p><p>Der Verein <a href=\"https:\/\/ovatourisme.be\/decouvrir\/sports-nature\/ALD-0W-00PI-0048&amp;type=11\/\" target=\"_blank\" rel=\"noopener\">P\u00eacherie de Wachiboux<\/a> ist von Mitte April bis Mitte September nachts aktiv.<\/p><p><strong>Landgolf<\/strong>: Auch als \u201e<strong>Agrogolf<\/strong>\u201c oder \u201e<strong>Bauerngolf<\/strong>\u201c bekannt, bietet der 12-Loch-Parcours der <a href=\"http:\/\/www.fermemonville.be\/\" target=\"_blank\" rel=\"noopener\">Ferme Monville<\/a> eine Strecke von 1.700 Metern durch <strong>Felder mit verschiedenen H\u00fcgeln<\/strong>, Gr\u00e4ben und Steigungen. <\/p><p><strong>Die sch\u00f6nste Rennstrecke der Welt<\/strong>: Die <a href=\"https:\/\/www.spa-francorchamps.be\/fr\/\" target=\"_blank\" rel=\"noopener\">Rennstrecke von Francorchamps<\/a> \u2013 nehmen Sie an einem Event oder einer Aktivit\u00e4t teil!<\/p>\t\t\t\t\t\t\t\t<\/div>\n\t\t\t\t<\/div>\n\t\t\t\t<\/div>\n\t\t\t\t\t<\/div>\n\t\t\t\t<\/div>\n\t\t<div class=\"elementor-element elementor-element-1522fa3 e-flex e-con-boxed e-con e-parent\" data-id=\"1522fa3\" data-element_type=\"container\">\n\t\t\t\t\t<div class=\"e-con-inner\">\n\t\t\t\t<div class=\"elementor-element elementor-element-cfda0b8 elementor-widget elementor-widget-button\" data-id=\"cfda0b8\" data-element_type=\"widget\" data-widget_type=\"button.default\">\n\t\t\t\t<div class=\"elementor-widget-container\">\n\t\t\t\t\t\t\t\t\t<div class=\"elementor-button-wrapper\">\n\t\t\t\t\t<a class=\"elementor-button elementor-button-link elementor-size-sm\" href=\"https:\/\/lapetitemaisondefroidville.be\/de\/kontakt\/\">\n\t\t\t\t\t\t<span class=\"elementor-button-content-wrapper\">\n\t\t\t\t\t\t\t\t\t<span class=\"elementor-button-text\">Reservierungen<\/span>\n\t\t\t\t\t<\/span>\n\t\t\t\t\t<\/a>\n\t\t\t\t<\/div>\n\t\t\t\t\t\t\t\t<\/div>\n\t\t\t\t<\/div>\n\t\t\t\t\t<\/div>\n\t\t\t\t<\/div>\n\t\t<div class=\"elementor-element elementor-element-79fcf1a e-flex e-con-boxed e-con e-parent\" data-id=\"79fcf1a\" data-element_type=\"container\">\n\t\t\t\t\t<div class=\"e-con-inner\">\n\t\t<div class=\"elementor-element elementor-element-653fc6f e-con-full e-flex e-con e-child\" data-id=\"653fc6f\" data-element_type=\"container\">\n\t\t\t\t<div class=\"elementor-element elementor-element-fd518e2 elementor-widget__width-initial elementor-widget elementor-widget-heading\" data-id=\"fd518e2\" data-element_type=\"widget\" data-widget_type=\"heading.default\">\n\t\t\t\t<div class=\"elementor-widget-container\">\n\t\t\t\t\t<h2 class=\"elementor-heading-title elementor-size-default\">Kulturelle und Wellness-Aktivit\u00e4ten<\/h2>\t\t\t\t<\/div>\n\t\t\t\t<\/div>\n\t\t\t\t<div class=\"elementor-element elementor-element-3e1330a elementor-widget-divider--view-line elementor-widget elementor-widget-divider\" data-id=\"3e1330a\" data-element_type=\"widget\" data-widget_type=\"divider.default\">\n\t\t\t\t<div class=\"elementor-widget-container\">\n\t\t\t\t\t\t\t<div class=\"elementor-divider\">\n\t\t\t<span class=\"elementor-divider-separator\">\n\t\t\t\t\t\t<\/span>\n\t\t<\/div>\n\t\t\t\t\t\t<\/div>\n\t\t\t\t<\/div>\n\t\t\t\t<div class=\"elementor-element elementor-element-06817d3 elementor-widget__width-initial elementor-widget elementor-widget-text-editor\" data-id=\"06817d3\" data-element_type=\"widget\" data-widget_type=\"text-editor.default\">\n\t\t\t\t<div class=\"elementor-widget-container\">\n\t\t\t\t\t\t\t\t\t<p><strong><a href=\"https:\/\/ccspa-jalhay-stoumont.be\/\" target=\"_blank\" rel=\"noopener\">Das Kulturzentrum Spa-Jalhay-Stoumont<\/a><\/strong>: Werfen Sie einen Blick in den vielseitigen Veranstaltungskalender.<\/p><p><a href=\"https:\/\/festival-vts.net\/\" target=\"_blank\" rel=\"noopener\"><strong>Das Sommerfestival von Stavelot<\/strong><\/a>: Schauen Sie sich das Programm an.<\/p><p><strong><a href=\"https:\/\/www.royalfestival.be\/agenda\/\" target=\"_blank\" rel=\"noopener\">Das Royal Festival von Spa<\/a><\/strong>: Werfen Sie einen Blick ins Programm.<\/p><p><a href=\"https:\/\/francofolies.be\/\" target=\"_blank\" rel=\"noopener\"><strong>Das Francofolies<\/strong><\/a>: Sehen Sie das Programm ein.<\/p><p><a href=\"http:\/\/www.december44.com\/fr\/musee.htm\" target=\"_blank\" rel=\"noopener\">Das Museum \u201eD\u00e9cembre 44\u201c<\/a>: <strong>Dieses Museum<\/strong> ist der Schlacht der Ardennen gewidmet und bietet umfassende Informationen \u00fcber die Region <strong>La Gleize<\/strong>, die 1944 unter den Angriffen der deutschen Gegenoffensive litt. Das Museum zeigt Sammlungen von Gegenst\u00e4nden, <strong>nachgestellte Szenen<\/strong>, den <strong>Tiger II-Panzer<\/strong> sowie einen Saal mit Archivbildern. <\/p><p><a href=\"https:\/\/abbayedestavelot.be\/musees-expo\/\" target=\"_blank\" rel=\"noopener\"><strong>Die Abtei von Stavelot<\/strong><\/a>: Besuchen Sie die Museen zur Rennstrecke, zur F\u00fcrstentumsgeschichte von Stavelot und zu Guillaume Apollinaire und sehen Sie sich den Ausstellungskalender an.<\/p><p><a href=\"https:\/\/thermesdespa.com\/accueil\/\" target=\"_blank\" rel=\"noopener\"><strong>Die Thermen von Spa<\/strong><\/a>: Die urspr\u00fcngliche Quelle des Wohlbefindens.<\/p><p><a href=\"https:\/\/www.villedespa.be\/loisirs\/culture\/musees-de-la-ville-deaux-1\" target=\"_blank\" rel=\"noopener\"><strong>Das Museum der Wasserstadt \u2013 Spa<\/strong><\/a><\/p>\t\t\t\t\t\t\t\t<\/div>\n\t\t\t\t<\/div>\n\t\t\t\t<\/div>\n\t\t\t\t\t<\/div>\n\t\t\t\t<\/div>\n\t\t<div class=\"elementor-element elementor-element-494045a e-flex e-con-boxed e-con e-parent\" data-id=\"494045a\" data-element_type=\"container\">\n\t\t\t\t\t<div class=\"e-con-inner\">\n\t\t<div class=\"elementor-element elementor-element-fd2f87f e-con-full e-flex e-con e-child\" data-id=\"fd2f87f\" data-element_type=\"container\">\n\t\t\t\t<div class=\"elementor-element elementor-element-7ee06a4 elementor-widget__width-initial elementor-widget elementor-widget-heading\" data-id=\"7ee06a4\" data-element_type=\"widget\" data-widget_type=\"heading.default\">\n\t\t\t\t<div class=\"elementor-widget-container\">\n\t\t\t\t\t<h2 class=\"elementor-heading-title elementor-size-default\">Einige Gesch\u00e4fte in der Umgebung<\/h2>\t\t\t\t<\/div>\n\t\t\t\t<\/div>\n\t\t\t\t<div class=\"elementor-element elementor-element-241bba5 elementor-widget-divider--view-line elementor-widget elementor-widget-divider\" data-id=\"241bba5\" data-element_type=\"widget\" data-widget_type=\"divider.default\">\n\t\t\t\t<div class=\"elementor-widget-container\">\n\t\t\t\t\t\t\t<div class=\"elementor-divider\">\n\t\t\t<span class=\"elementor-divider-separator\">\n\t\t\t\t\t\t<\/span>\n\t\t<\/div>\n\t\t\t\t\t\t<\/div>\n\t\t\t\t<\/div>\n\t\t\t\t<div class=\"elementor-element elementor-element-1651b66 elementor-widget__width-initial elementor-widget elementor-widget-heading\" data-id=\"1651b66\" data-element_type=\"widget\" data-widget_type=\"heading.default\">\n\t\t\t\t<div class=\"elementor-widget-container\">\n\t\t\t\t\t<h3 class=\"elementor-heading-title elementor-size-default\">B\u00e4ckerei \u2013 Konditorei<\/h3>\t\t\t\t<\/div>\n\t\t\t\t<\/div>\n\t\t\t\t<div class=\"elementor-element elementor-element-baa3e44 elementor-widget__width-initial elementor-widget elementor-widget-text-editor\" data-id=\"baa3e44\" data-element_type=\"widget\" data-widget_type=\"text-editor.default\">\n\t\t\t\t<div class=\"elementor-widget-container\">\n\t\t\t\t\t\t\t\t\t<p><a href=\"https:\/\/www.boulangerie-bourotte.be\/\" target=\"_blank\" rel=\"noopener\"><strong>Boulangerie Bourotte<\/strong><\/a>, route de l\u2019Ambl\u00e8ve 65, 4987 Stoumont, 080 78 57 14<\/p><p><a href=\"https:\/\/www.gourmandis.be\/\" target=\"_blank\" rel=\"noopener\"><strong>Gourmandi&#8217;s Werbomont<\/strong><\/a>, route d&#8217;Aywaille 1, 4190 Werbomont, 086 40 14 00<\/p>\t\t\t\t\t\t\t\t<\/div>\n\t\t\t\t<\/div>\n\t\t\t\t<div class=\"elementor-element elementor-element-5d91a48 elementor-widget__width-initial elementor-widget elementor-widget-heading\" data-id=\"5d91a48\" data-element_type=\"widget\" data-widget_type=\"heading.default\">\n\t\t\t\t<div class=\"elementor-widget-container\">\n\t\t\t\t\t<h3 class=\"elementor-heading-title elementor-size-default\">Superm\u00e4rkte<\/h3>\t\t\t\t<\/div>\n\t\t\t\t<\/div>\n\t\t\t\t<div class=\"elementor-element elementor-element-86622e9 elementor-widget__width-initial elementor-widget elementor-widget-text-editor\" data-id=\"86622e9\" data-element_type=\"widget\" data-widget_type=\"text-editor.default\">\n\t\t\t\t<div class=\"elementor-widget-container\">\n\t\t\t\t\t\t\t\t\t<p><a href=\"https:\/\/proxytroisponts.be\/contact.html\" target=\"_blank\" rel=\"noopener\"><strong>Proxy Delhaize<\/strong><\/a>, avenue de la Salm 150, 4980 Trois-Ponts, 080 68 48 70<\/p><p><a href=\"https:\/\/magasins.carrefour.be\/fr\/s\/carrefour\/carrefour-market-remouchamps\/66\" target=\"_blank\" rel=\"noopener\"><strong>Carrefour Market<\/strong><\/a>, avenue de la Porall\u00e9e, 36a, 4920 Remouchamps, 04 384 05 50<\/p>\t\t\t\t\t\t\t\t<\/div>\n\t\t\t\t<\/div>\n\t\t\t\t<div class=\"elementor-element elementor-element-e70448c elementor-widget__width-initial elementor-widget elementor-widget-heading\" data-id=\"e70448c\" data-element_type=\"widget\" data-widget_type=\"heading.default\">\n\t\t\t\t<div class=\"elementor-widget-container\">\n\t\t\t\t\t<h3 class=\"elementor-heading-title elementor-size-default\">Biol\u00e4den und lokale Produkte<\/h3>\t\t\t\t<\/div>\n\t\t\t\t<\/div>\n\t\t\t\t<div class=\"elementor-element elementor-element-4abe5e4 elementor-widget__width-initial elementor-widget elementor-widget-text-editor\" data-id=\"4abe5e4\" data-element_type=\"widget\" data-widget_type=\"text-editor.default\">\n\t\t\t\t<div class=\"elementor-widget-container\">\n\t\t\t\t\t\t\t\t\t<p><a href=\"https:\/\/www.facebook.com\/aucircuitcourt\" target=\"_blank\" rel=\"noopener\"><strong>Au Circuit court<\/strong><\/a>, La Gleize 28, 4987 Stoumont, 0487 21 16 81<\/p><p><a href=\"https:\/\/www.delicesterroir.be\/\" target=\"_blank\" rel=\"noopener\"><strong>Aux d\u00e9lices du Terroir<\/strong><\/a>, route de Stavelot 8B, 4190 Werbomont, 086 38 70 13<\/p>\t\t\t\t\t\t\t\t<\/div>\n\t\t\t\t<\/div>\n\t\t\t\t<div class=\"elementor-element elementor-element-08848eb elementor-widget__width-initial elementor-widget elementor-widget-heading\" data-id=\"08848eb\" data-element_type=\"widget\" data-widget_type=\"heading.default\">\n\t\t\t\t<div class=\"elementor-widget-container\">\n\t\t\t\t\t<h3 class=\"elementor-heading-title elementor-size-default\">Lokale Produzenten<\/h3>\t\t\t\t<\/div>\n\t\t\t\t<\/div>\n\t\t\t\t<div class=\"elementor-element elementor-element-f83b9f4 elementor-widget__width-initial elementor-widget elementor-widget-text-editor\" data-id=\"f83b9f4\" data-element_type=\"widget\" data-widget_type=\"text-editor.default\">\n\t\t\t\t<div class=\"elementor-widget-container\">\n\t\t\t\t\t\t\t\t\t<p><a href=\"https:\/\/www.fromagerie-counasse.be\/\" target=\"_blank\" rel=\"noopener\"><strong>Fromagerie Vincent Counasse<\/strong><\/a>, Chauveheid 47, 4987 Stoumont, 0497 74 85 57<\/p><p><a href=\"https:\/\/fermedubierleux.com\/\" target=\"_blank\" rel=\"noopener\"><strong>La ferme du Bierleux<\/strong><\/a>, Bierleux-Bas 11, 4987 Stoumont, 0476 88 21 42<\/p><p><a href=\"https:\/\/www.facebook.com\/li.biname.pource\/?locale=fr_FR\" target=\"_blank\" rel=\"noopener\"><strong>Boucherie porcine \u00e0 la ferme<\/strong><\/a>, Fosse 21, 4980 Trois-Ponts, 0497 80 60 55<\/p><p><a href=\"https:\/\/bergeriedelalienne.be\/\" target=\"_blank\" rel=\"noopener\"><strong>La Bergerie de la Lienne<\/strong><\/a>, Grand-Heid 19, 4990 Lierneux, 0479 87 05 54<\/p>\t\t\t\t\t\t\t\t<\/div>\n\t\t\t\t<\/div>\n\t\t\t\t<div class=\"elementor-element elementor-element-9248cea elementor-widget__width-initial elementor-widget elementor-widget-heading\" data-id=\"9248cea\" data-element_type=\"widget\" data-widget_type=\"heading.default\">\n\t\t\t\t<div class=\"elementor-widget-container\">\n\t\t\t\t\t<h3 class=\"elementor-heading-title elementor-size-default\">Restaurants<\/h3>\t\t\t\t<\/div>\n\t\t\t\t<\/div>\n\t\t\t\t<div class=\"elementor-element elementor-element-b01024d elementor-widget__width-initial elementor-widget elementor-widget-text-editor\" data-id=\"b01024d\" data-element_type=\"widget\" data-widget_type=\"text-editor.default\">\n\t\t\t\t<div class=\"elementor-widget-container\">\n\t\t\t\t\t\t\t\t\t<p><a href=\"https:\/\/lesdouxragots.com\/\" target=\"_blank\" rel=\"noopener\"><strong>Les Doux Ragots<\/strong><\/a>, La Gleize 44, 4987 Stoumont, 080 51 12 69<\/p><p><a href=\"https:\/\/vertdepommier.be\/accueil\/\" target=\"_blank\" rel=\"noopener\"><strong>Le Vert de Pommier<\/strong><\/a>, La Gleize 17, 4987 Stoumont, 080 78 61 83<\/p><p><a href=\"https:\/\/www.facebook.com\/p\/LAncienne-Barri%C3%A8re-Basse-Bodeux-100063565600009\/?locale=fr_FR&amp;_rdr\" target=\"_blank\" rel=\"noopener\"><strong>L\u2019Ancienne Barri\u00e8re<\/strong><\/a>, Ancienne Barri\u00e8re 1, 4983 Trois-Ponts, 0498 31 06 76<\/p><p><a href=\"https:\/\/www.le-baron.be\/fr\" target=\"_blank\" rel=\"noopener\"><strong>Le Baron<\/strong><\/a>, Petit Coo 6, 4970 Coo, 080 68 46 76<\/p><p><a href=\"https:\/\/www.facebook.com\/saporita.pizzawerbomont\/\" target=\"_blank\" rel=\"noopener\"><strong>Pizza Saporita<\/strong><\/a>, route d&#8217;Aywaille 1, 4190 Werbomont, 086 40 01 11<\/p>\t\t\t\t\t\t\t\t<\/div>\n\t\t\t\t<\/div>\n\t\t\t\t<div class=\"elementor-element elementor-element-689df41 elementor-widget__width-initial elementor-widget elementor-widget-heading\" data-id=\"689df41\" data-element_type=\"widget\" data-widget_type=\"heading.default\">\n\t\t\t\t<div class=\"elementor-widget-container\">\n\t\t\t\t\t<h3 class=\"elementor-heading-title elementor-size-default\">Eisdiele<\/h3>\t\t\t\t<\/div>\n\t\t\t\t<\/div>\n\t\t\t\t<div class=\"elementor-element elementor-element-c743c2d elementor-widget__width-initial elementor-widget elementor-widget-text-editor\" data-id=\"c743c2d\" data-element_type=\"widget\" data-widget_type=\"text-editor.default\">\n\t\t\t\t<div class=\"elementor-widget-container\">\n\t\t\t\t\t\t\t\t\t<p><a href=\"https:\/\/www.facebook.com\/people\/Parfums-Glac%C3%A9s\/100091467394114\/\" target=\"_blank\" rel=\"noopener\"><strong>Parfums glac\u00e9s<\/strong><\/a>, La Gleize 51, 4987 Stoumont, 0499 23 58 03<\/p>\t\t\t\t\t\t\t\t<\/div>\n\t\t\t\t<\/div>\n\t\t\t\t<div class=\"elementor-element elementor-element-cfa1aeb elementor-widget__width-initial elementor-widget elementor-widget-heading\" data-id=\"cfa1aeb\" data-element_type=\"widget\" data-widget_type=\"heading.default\">\n\t\t\t\t<div class=\"elementor-widget-container\">\n\t\t\t\t\t<h3 class=\"elementor-heading-title elementor-size-default\">Geldautomaten<\/h3>\t\t\t\t<\/div>\n\t\t\t\t<\/div>\n\t\t\t\t<div class=\"elementor-element elementor-element-b346d3c elementor-widget__width-initial elementor-widget elementor-widget-text-editor\" data-id=\"b346d3c\" data-element_type=\"widget\" data-widget_type=\"text-editor.default\">\n\t\t\t\t<div class=\"elementor-widget-container\">\n\t\t\t\t\t\t\t\t\t<p><strong>Bpost<\/strong>, route de Stavelot 8, 4190 Werbomont<\/p><p><strong>Point Cash<\/strong>, avenue Joseph Lejeune 17, 4980 Trois-Ponts<\/p>\t\t\t\t\t\t\t\t<\/div>\n\t\t\t\t<\/div>\n\t\t\t\t<\/div>\n\t\t\t\t\t<\/div>\n\t\t\t\t<\/div>\n\t\t<div class=\"elementor-element elementor-element-975856f e-flex e-con-boxed e-con e-parent\" data-id=\"975856f\" data-element_type=\"container\">\n\t\t\t\t\t<div class=\"e-con-inner\">\n\t\t\t\t<div class=\"elementor-element elementor-element-67f554f elementor-widget elementor-widget-button\" data-id=\"67f554f\" data-element_type=\"widget\" data-widget_type=\"button.default\">\n\t\t\t\t<div class=\"elementor-widget-container\">\n\t\t\t\t\t\t\t\t\t<div class=\"elementor-button-wrapper\">\n\t\t\t\t\t<a class=\"elementor-button elementor-button-link elementor-size-sm\" href=\"https:\/\/lapetitemaisondefroidville.be\/de\/kontakt\/\">\n\t\t\t\t\t\t<span class=\"elementor-button-content-wrapper\">\n\t\t\t\t\t\t\t\t\t<span class=\"elementor-button-text\">Reservierungen<\/span>\n\t\t\t\t\t<\/span>\n\t\t\t\t\t<\/a>\n\t\t\t\t<\/div>\n\t\t\t\t\t\t\t\t<\/div>\n\t\t\t\t<\/div>\n\t\t\t\t\t<\/div>\n\t\t\t\t<\/div>\n\t\t\t\t<\/div>\n\t\t","protected":false},"excerpt":{"rendered":"<p>Die Region Ihr Aufenthalt in Froidville Der ideale Ort, um die Region zu zweit zu entdecken Die ardennische Gemeinde Stoumont bietet herrliche Panoramen dank der T\u00e4ler, die von ihren Fl\u00fcssen durchzogen werden. In Stoumont und Umgebung k\u00f6nnen Sie in nat\u00fcrlichen Landschaften spazieren gehen und wandern, Schl\u00f6sser besuchen, lokale Produkte probieren, sportliche und abenteuerliche Aktivit\u00e4ten aus\u00fcben [&hellip;]<\/p>\n","protected":false},"author":1,"featured_media":0,"parent":0,"menu_order":20,"comment_status":"closed","ping_status":"closed","template":"","meta":{"footnotes":""},"class_list":["post-293","page","type-page","status-publish","hentry"],"_links":{"self":[{"href":"https:\/\/lapetitemaisondefroidville.be\/de\/wp-json\/wp\/v2\/pages\/293","targetHints":{"allow":["GET"]}}],"collection":[{"href":"https:\/\/lapetitemaisondefroidville.be\/de\/wp-json\/wp\/v2\/pages"}],"about":[{"href":"https:\/\/lapetitemaisondefroidville.be\/de\/wp-json\/wp\/v2\/types\/page"}],"author":[{"embeddable":true,"href":"https:\/\/lapetitemaisondefroidville.be\/de\/wp-json\/wp\/v2\/users\/1"}],"replies":[{"embeddable":true,"href":"https:\/\/lapetitemaisondefroidville.be\/de\/wp-json\/wp\/v2\/comments?post=293"}],"version-history":[{"count":7,"href":"https:\/\/lapetitemaisondefroidville.be\/de\/wp-json\/wp\/v2\/pages\/293\/revisions"}],"predecessor-version":[{"id":506,"href":"https:\/\/lapetitemaisondefroidville.be\/de\/wp-json\/wp\/v2\/pages\/293\/revisions\/506"}],"wp:attachment":[{"href":"https:\/\/lapetitemaisondefroidville.be\/de\/wp-json\/wp\/v2\/media?parent=293"}],"curies":[{"name":"wp","href":"https:\/\/api.w.org\/{rel}","templated":true}]}}